{"id":408,"date":"2018-04-27T15:37:34","date_gmt":"2018-04-27T15:37:34","guid":{"rendered":"http:\/\/learningforlivingtogether.conform.it\/?page_id=408"},"modified":"2018-09-06T15:29:42","modified_gmt":"2018-09-06T15:29:42","slug":"radosas-iniciativas-centrs","status":"publish","type":"page","link":"https:\/\/learningforlivingtogether.conform.it\/lv\/partneriba\/radosas-iniciativas-centrs\/","title":{"rendered":"RADOSAS INICIATIVAS CENTRS (LV)"},"content":{"rendered":"<section class=\"wpb-content-wrapper\"><p>[vc_row full_width=&#8221;stretch_row&#8221; css=&#8221;.vc_custom_1523978835207{background-position: center !important;background-repeat: no-repeat !important;background-size: cover !important;}&#8221;][vc_column][\/vc_column][\/vc_row][vc_row][vc_column width=&#8221;5\/12&#8243;][vc_single_image image=&#8221;163&#8243; img_size=&#8221;full&#8221; alignment=&#8221;center&#8221; css_animation=&#8221;bounceInDown&#8221;][vc_row_inner][vc_column_inner][vc_separator color=&#8221;custom&#8221; border_width=&#8221;4&#8243; el_width=&#8221;50&#8243; css_animation=&#8221;bounceInLeft&#8221; accent_color=&#8221;#f9b233&#8243;][vc_column_text]<\/p>\n<h2 style=\"text-align: center;\"><span style=\"color: #999999;\"><a class=\"btn_sito\" style=\"color: #999999;\" href=\"http:\/\/www.ric.org.lv\/\" target=\"_blank\" rel=\"noopener\">hemsida<\/a><\/span><\/h2>\n<p>[\/vc_column_text][\/vc_column_inner][\/vc_row_inner][\/vc_column][vc_column width=&#8221;7\/12&#8243;][vc_column_text]<\/p>\n<p style=\"text-align: justify;\">Biedr\u012bba &#8220;Rado\u0161\u0101s iniciat\u012bvas centrs&#8221; ir dibin\u0101ta 2007. gad\u0101, lai iedro\u0161in\u0101tu cilv\u0113kus izkopt savu rado\u0161umu un motiv\u0113tu vi\u0146us person\u012bgai izaugsmei, k\u0101 ar\u012b rado\u0161ai iniciat\u012bvai. RIC tika dibin\u0101ts ar m\u0113r\u0137i veicin\u0101t soci\u0101lo integr\u0101ciju, un biedr\u012bba sekm\u0113 dz\u012bves kvalit\u0101tes uzlabo\u0161anos viet\u0113j\u0101 kopien\u0101. \u0160obr\u012bd RIC ir sabiedr\u012bsk\u0101 labuma organiz\u0101cija, kas str\u0101d\u0101 labdar\u012bbas, pilsonisk\u0101s sabiedr\u012bbas att\u012bst\u012bbas, labkl\u0101j\u012bbas, izgl\u012bt\u012bbas un atstumt\u012bbas riskam pak\u013cauto kopienu jom\u0101. RIC akt\u012bvi str\u0101d\u0101 ar soci\u0101l\u0101 riska grup\u0101m, ieskaitot migrantu kopienas, un p\u0113d\u0113jo gadu laik\u0101 t\u0101 aktivit\u0101tes koncentr\u0113j\u0101s uz izgl\u012btojo\u0161\u0101m aktivit\u0101t\u0113m \u0123imen\u0113m ar zemiem ien\u0101kumiem, k\u0101 ar\u012b riska \u0123imen\u0113m.<\/p>\n<p style=\"text-align: justify;\">RIC darbojies pieaugu\u0161o izgl\u012bt\u012bbas (un pieaugu\u0161o izgl\u012btot\u0101ju apm\u0101c\u012bbas) jom\u0101 kop\u0161 t\u0101 dibin\u0101\u0161anas 2007.gad\u0101. RIC izgl\u012btojo\u0161\u0101s aktivit\u0101tes tiek nodro\u0161in\u0101t\u0101s da\u017e\u0101d\u0101s valod\u0101s, l\u012bdz ar to t\u0101s pieejamas da\u017e\u0101du etnisko grupu p\u0101rst\u0101vjiem. Izgl\u012btojo\u0161o aktivit\u0101\u0161u laik\u0101 valodas barjera paz\u016bd un m\u0101ksliniecisk\u0101 pa\u0161izpausme k\u013c\u016bst par pamatvalodu kop\u012bgaj\u0101 rado\u0161aj\u0101 proces\u0101. Rado\u0161ums m\u016bsu gad\u012bjum\u0101 ir sp\u0113c\u012bgs instruments indiv\u012bdu veiksm\u012bgai integr\u0101cijai.<\/p>\n<p style=\"text-align: justify;\">Organiz\u0101cija ir akt\u012bva soci\u0101l\u0101s iek\u013cau\u0161anas un integr\u0101cijas jom\u0101. T\u0101 nodro\u0161ina daudzveid\u012bgas aktivit\u0101tes da\u017e\u0101d\u0101m m\u0113r\u0137a grup\u0101m &#8211; riska grupas \u0123imen\u0113m, jaunie\u0161iem, person\u0101m ar invalidit\u0101ti &#8211; izmantojot rado\u0161\u0101s metodes. Aktivit\u0101tes veicina indiv\u012bdu pa\u0161apzi\u0146u un pa\u0161pa\u013c\u0101v\u012bbu, k\u0101 ar\u012b nodro\u0161ina vi\u0146us ar praktisk\u0101m, nodarbin\u0101t\u012bbu veicino\u0161\u0101m prasm\u0113m. RIC ar\u012b apm\u0101c\u012bjis soci\u0101los darbiniekus m\u0101kslas terapijas meto\u017eu izmanto\u0161anai indiv\u012bdu iesp\u0113ju veicin\u0101\u0161anai.<\/p>\n<p>[\/vc_column_text][\/vc_column][\/vc_row][vc_row][vc_column][\/vc_column][\/vc_row]<\/p>\n<\/section>","protected":false},"excerpt":{"rendered":"<p>[vc_row full_width=&#8221;stretch_row&#8221; css=&#8221;.vc_custom_1523978835207{background-position: center !important;background-repeat: no-repeat !important;background-size: cover !important;}&#8221;][vc_column][\/vc_column][\/vc_row][vc_row][vc_column width=&#8221;5\/12&#8243;][vc_single_image image=&#8221;163&#8243; img_size=&#8221;full&#8221; alignment=&#8221;center&#8221; css_animation=&#8221;bounceInDown&#8221;][vc_row_inner][vc_column_inner][vc_separator color=&#8221;custom&#8221; border_width=&#8221;4&#8243; el_width=&#8221;50&#8243; css_animation=&#8221;bounceInLeft&#8221; accent_color=&#8221;#f9b233&#8243;][vc_column_text] hemsida [\/vc_column_text][\/vc_column_inner][\/vc_row_inner][\/vc_column][vc_column width=&#8221;7\/12&#8243;][vc_column_text] Biedr\u012bba &#8220;Rado\u0161\u0101s iniciat\u012bvas centrs&#8221; ir dibin\u0101ta 2007. gad\u0101, lai iedro\u0161in\u0101tu cilv\u0113kus izkopt savu rado\u0161umu un motiv\u0113tu vi\u0146us person\u012bgai izaugsmei, k\u0101 ar\u012b rado\u0161ai iniciat\u012bvai. RIC tika dibin\u0101ts ar m\u0113r\u0137i veicin\u0101t soci\u0101lo integr\u0101ciju, un biedr\u012bba [&hellip;]<\/p>\n","protected":false},"author":3,"featured_media":0,"parent":412,"menu_order":0,"comment_status":"closed","ping_status":"closed","template":"","meta":[],"yoast_head":"<!-- This site is optimized with the Yoast SEO plugin v20.1 - https:\/\/yoast.com\/wordpress\/plugins\/seo\/ -->\n<title>RADOSAS INICIATIVAS CENTRS (LV) - LEARNING FOR LIVING TOGETHER<\/title>\n<meta name=\"robots\" content=\"index, follow, max-snippet:-1, max-image-preview:large, max-video-preview:-1\" \/>\n<link rel=\"canonical\" href=\"https:\/\/learningforlivingtogether.conform.it\/lv\/partneriba\/radosas-iniciativas-centrs\/\" \/>\n<meta property=\"og:locale\" content=\"lv_LV\" \/>\n<meta property=\"og:type\" content=\"article\" \/>\n<meta property=\"og:title\" content=\"RADOSAS INICIATIVAS CENTRS (LV) - LEARNING FOR LIVING TOGETHER\" \/>\n<meta property=\"og:description\" content=\"[vc_row full_width=&#8221;stretch_row&#8221; css=&#8221;.vc_custom_1523978835207{background-position: center !important;background-repeat: no-repeat !important;background-size: cover !important;}&#8221;][vc_column][\/vc_column][\/vc_row][vc_row][vc_column width=&#8221;5\/12&#8243;][vc_single_image image=&#8221;163&#8243; img_size=&#8221;full&#8221; alignment=&#8221;center&#8221; css_animation=&#8221;bounceInDown&#8221;][vc_row_inner][vc_column_inner][vc_separator color=&#8221;custom&#8221; border_width=&#8221;4&#8243; el_width=&#8221;50&#8243; css_animation=&#8221;bounceInLeft&#8221; accent_color=&#8221;#f9b233&#8243;][vc_column_text] hemsida [\/vc_column_text][\/vc_column_inner][\/vc_row_inner][\/vc_column][vc_column width=&#8221;7\/12&#8243;][vc_column_text] Biedr\u012bba &#8220;Rado\u0161\u0101s iniciat\u012bvas centrs&#8221; ir dibin\u0101ta 2007. gad\u0101, lai iedro\u0161in\u0101tu cilv\u0113kus izkopt savu rado\u0161umu un motiv\u0113tu vi\u0146us person\u012bgai izaugsmei, k\u0101 ar\u012b rado\u0161ai iniciat\u012bvai. RIC tika dibin\u0101ts ar m\u0113r\u0137i veicin\u0101t soci\u0101lo integr\u0101ciju, un biedr\u012bba [&hellip;]\" \/>\n<meta property=\"og:url\" content=\"https:\/\/learningforlivingtogether.conform.it\/lv\/partneriba\/radosas-iniciativas-centrs\/\" \/>\n<meta property=\"og:site_name\" content=\"LEARNING FOR LIVING TOGETHER\" \/>\n<meta property=\"article:modified_time\" content=\"2018-09-06T15:29:42+00:00\" \/>\n<meta name=\"twitter:card\" content=\"summary_large_image\" \/>\n<meta name=\"twitter:label1\" content=\"Est. reading time\" \/>\n\t<meta name=\"twitter:data1\" content=\"2 minutes\" \/>\n<script type=\"application\/ld+json\" class=\"yoast-schema-graph\">{\"@context\":\"https:\/\/schema.org\",\"@graph\":[{\"@type\":\"WebPage\",\"@id\":\"https:\/\/learningforlivingtogether.conform.it\/lv\/partneriba\/radosas-iniciativas-centrs\/\",\"url\":\"https:\/\/learningforlivingtogether.conform.it\/lv\/partneriba\/radosas-iniciativas-centrs\/\",\"name\":\"RADOSAS INICIATIVAS CENTRS (LV) - LEARNING FOR LIVING TOGETHER\",\"isPartOf\":{\"@id\":\"https:\/\/learningforlivingtogether.conform.it\/#website\"},\"datePublished\":\"2018-04-27T15:37:34+00:00\",\"dateModified\":\"2018-09-06T15:29:42+00:00\",\"breadcrumb\":{\"@id\":\"https:\/\/learningforlivingtogether.conform.it\/lv\/partneriba\/radosas-iniciativas-centrs\/#breadcrumb\"},\"inLanguage\":\"lv-LV\",\"potentialAction\":[{\"@type\":\"ReadAction\",\"target\":[\"https:\/\/learningforlivingtogether.conform.it\/lv\/partneriba\/radosas-iniciativas-centrs\/\"]}]},{\"@type\":\"BreadcrumbList\",\"@id\":\"https:\/\/learningforlivingtogether.conform.it\/lv\/partneriba\/radosas-iniciativas-centrs\/#breadcrumb\",\"itemListElement\":[{\"@type\":\"ListItem\",\"position\":1,\"name\":\"Home\",\"item\":\"https:\/\/learningforlivingtogether.conform.it\/lv\/\"},{\"@type\":\"ListItem\",\"position\":2,\"name\":\"PARTNER\u012aBA\",\"item\":\"https:\/\/learningforlivingtogether.conform.it\/lv\/partneriba\/\"},{\"@type\":\"ListItem\",\"position\":3,\"name\":\"RADOSAS INICIATIVAS CENTRS (LV)\"}]},{\"@type\":\"WebSite\",\"@id\":\"https:\/\/learningforlivingtogether.conform.it\/#website\",\"url\":\"https:\/\/learningforlivingtogether.conform.it\/\",\"name\":\"LEARNING FOR LIVING TOGETHER\",\"description\":\"Erasmus+ Project\",\"potentialAction\":[{\"@type\":\"SearchAction\",\"target\":{\"@type\":\"EntryPoint\",\"urlTemplate\":\"https:\/\/learningforlivingtogether.conform.it\/?s={search_term_string}\"},\"query-input\":\"required name=search_term_string\"}],\"inLanguage\":\"lv-LV\"}]}<\/script>\n<!-- \/ Yoast SEO plugin. -->","yoast_head_json":{"title":"RADOSAS INICIATIVAS CENTRS (LV) - LEARNING FOR LIVING TOGETHER","robots":{"index":"index","follow":"follow","max-snippet":"max-snippet:-1","max-image-preview":"max-image-preview:large","max-video-preview":"max-video-preview:-1"},"canonical":"https:\/\/learningforlivingtogether.conform.it\/lv\/partneriba\/radosas-iniciativas-centrs\/","og_locale":"lv_LV","og_type":"article","og_title":"RADOSAS INICIATIVAS CENTRS (LV) - LEARNING FOR LIVING TOGETHER","og_description":"[vc_row full_width=&#8221;stretch_row&#8221; css=&#8221;.vc_custom_1523978835207{background-position: center !important;background-repeat: no-repeat !important;background-size: cover !important;}&#8221;][vc_column][\/vc_column][\/vc_row][vc_row][vc_column width=&#8221;5\/12&#8243;][vc_single_image image=&#8221;163&#8243; img_size=&#8221;full&#8221; alignment=&#8221;center&#8221; css_animation=&#8221;bounceInDown&#8221;][vc_row_inner][vc_column_inner][vc_separator color=&#8221;custom&#8221; border_width=&#8221;4&#8243; el_width=&#8221;50&#8243; css_animation=&#8221;bounceInLeft&#8221; accent_color=&#8221;#f9b233&#8243;][vc_column_text] hemsida [\/vc_column_text][\/vc_column_inner][\/vc_row_inner][\/vc_column][vc_column width=&#8221;7\/12&#8243;][vc_column_text] Biedr\u012bba &#8220;Rado\u0161\u0101s iniciat\u012bvas centrs&#8221; ir dibin\u0101ta 2007. gad\u0101, lai iedro\u0161in\u0101tu cilv\u0113kus izkopt savu rado\u0161umu un motiv\u0113tu vi\u0146us person\u012bgai izaugsmei, k\u0101 ar\u012b rado\u0161ai iniciat\u012bvai. RIC tika dibin\u0101ts ar m\u0113r\u0137i veicin\u0101t soci\u0101lo integr\u0101ciju, un biedr\u012bba [&hellip;]","og_url":"https:\/\/learningforlivingtogether.conform.it\/lv\/partneriba\/radosas-iniciativas-centrs\/","og_site_name":"LEARNING FOR LIVING TOGETHER","article_modified_time":"2018-09-06T15:29:42+00:00","twitter_card":"summary_large_image","twitter_misc":{"Est. reading time":"2 minutes"},"schema":{"@context":"https:\/\/schema.org","@graph":[{"@type":"WebPage","@id":"https:\/\/learningforlivingtogether.conform.it\/lv\/partneriba\/radosas-iniciativas-centrs\/","url":"https:\/\/learningforlivingtogether.conform.it\/lv\/partneriba\/radosas-iniciativas-centrs\/","name":"RADOSAS INICIATIVAS CENTRS (LV) - LEARNING FOR LIVING TOGETHER","isPartOf":{"@id":"https:\/\/learningforlivingtogether.conform.it\/#website"},"datePublished":"2018-04-27T15:37:34+00:00","dateModified":"2018-09-06T15:29:42+00:00","breadcrumb":{"@id":"https:\/\/learningforlivingtogether.conform.it\/lv\/partneriba\/radosas-iniciativas-centrs\/#breadcrumb"},"inLanguage":"lv-LV","potentialAction":[{"@type":"ReadAction","target":["https:\/\/learningforlivingtogether.conform.it\/lv\/partneriba\/radosas-iniciativas-centrs\/"]}]},{"@type":"BreadcrumbList","@id":"https:\/\/learningforlivingtogether.conform.it\/lv\/partneriba\/radosas-iniciativas-centrs\/#breadcrumb","itemListElement":[{"@type":"ListItem","position":1,"name":"Home","item":"https:\/\/learningforlivingtogether.conform.it\/lv\/"},{"@type":"ListItem","position":2,"name":"PARTNER\u012aBA","item":"https:\/\/learningforlivingtogether.conform.it\/lv\/partneriba\/"},{"@type":"ListItem","position":3,"name":"RADOSAS INICIATIVAS CENTRS (LV)"}]},{"@type":"WebSite","@id":"https:\/\/learningforlivingtogether.conform.it\/#website","url":"https:\/\/learningforlivingtogether.conform.it\/","name":"LEARNING FOR LIVING TOGETHER","description":"Erasmus+ Project","potentialAction":[{"@type":"SearchAction","target":{"@type":"EntryPoint","urlTemplate":"https:\/\/learningforlivingtogether.conform.it\/?s={search_term_string}"},"query-input":"required name=search_term_string"}],"inLanguage":"lv-LV"}]}},"_links":{"self":[{"href":"https:\/\/learningforlivingtogether.conform.it\/lv\/wp-json\/wp\/v2\/pages\/408"}],"collection":[{"href":"https:\/\/learningforlivingtogether.conform.it\/lv\/wp-json\/wp\/v2\/pages"}],"about":[{"href":"https:\/\/learningforlivingtogether.conform.it\/lv\/wp-json\/wp\/v2\/types\/page"}],"author":[{"embeddable":true,"href":"https:\/\/learningforlivingtogether.conform.it\/lv\/wp-json\/wp\/v2\/users\/3"}],"replies":[{"embeddable":true,"href":"https:\/\/learningforlivingtogether.conform.it\/lv\/wp-json\/wp\/v2\/comments?post=408"}],"version-history":[{"count":3,"href":"https:\/\/learningforlivingtogether.conform.it\/lv\/wp-json\/wp\/v2\/pages\/408\/revisions"}],"predecessor-version":[{"id":692,"href":"https:\/\/learningforlivingtogether.conform.it\/lv\/wp-json\/wp\/v2\/pages\/408\/revisions\/692"}],"up":[{"embeddable":true,"href":"https:\/\/learningforlivingtogether.conform.it\/lv\/wp-json\/wp\/v2\/pages\/412"}],"wp:attachment":[{"href":"https:\/\/learningforlivingtogether.conform.it\/lv\/wp-json\/wp\/v2\/media?parent=408"}],"curies":[{"name":"wp","href":"https:\/\/api.w.org\/{rel}","templated":true}]}}